{"id":173,"date":"2017-05-19T21:54:57","date_gmt":"2017-05-19T19:54:57","guid":{"rendered":"https:\/\/kulturmanagement-online.de\/daniel\/?page_id=173"},"modified":"2025-12-22T09:45:15","modified_gmt":"2025-12-22T08:45:15","slug":"home","status":"publish","type":"page","link":"https:\/\/kulturmanagement-online.de\/daniel\/","title":{"rendered":"Home"},"content":{"rendered":"\n<div class=\"wp-block-uagb-container rot-oben uagb-block-421b878c alignwide uagb-is-root-container\">\n<div class=\"wp-block-uagb-container uagb-block-c281177c\">\n<div class=\"wp-block-uagb-image uagb-block-a313623c wp-block-uagb-image--layout-default wp-block-uagb-image--effect-static wp-block-uagb-image--align-none\"><figure class=\"wp-block-uagb-image__figure\"><img data-recalc-dims=\"1\" decoding=\"async\" srcset=\"https:\/\/kulturmanagement-online.de\/daniel\/files\/2018\/07\/2018-07-Portr\u00e4t-Daniel-845x1024.jpg \" sizes=\"auto, (max-width: 480px) 150px\" src=\"https:\/\/i0.wp.com\/kulturmanagement-online.de\/daniel\/files\/2018\/07\/2018-07-Portr%C3%A4t-Daniel.jpg?resize=400%2C650&#038;ssl=1\" alt=\"Portr\u00e4t Daniel\" class=\"uag-image-283\" width=\"400\" height=\"650\" title=\"\" loading=\"lazy\" role=\"img\"\/><\/figure><\/div>\n\n\n\n<ul class=\"wp-block-social-links has-large-icon-size has-icon-color is-content-justification-center is-layout-flex wp-container-core-social-links-is-layout-16018d1d wp-block-social-links-is-layout-flex\"><li style=\"color:var(--base-3);\" class=\"wp-social-link wp-social-link-linkedin has-base-3-color wp-block-social-link\"><a href=\"https:\/\/www.linkedin.com\/in\/webworker2063\/\" class=\"wp-block-social-link-anchor\" data-wpel-link=\"internal\"><svg width=\"24\" height=\"24\" viewBox=\"0 0 24 24\" version=\"1.1\" xmlns=\"http:\/\/www.w3.org\/2000\/svg\" aria-hidden=\"true\" focusable=\"false\"><path d=\"M19.7,3H4.3C3.582,3,3,3.582,3,4.3v15.4C3,20.418,3.582,21,4.3,21h15.4c0.718,0,1.3-0.582,1.3-1.3V4.3 C21,3.582,20.418,3,19.7,3z M8.339,18.338H5.667v-8.59h2.672V18.338z M7.004,8.574c-0.857,0-1.549-0.694-1.549-1.548 c0-0.855,0.691-1.548,1.549-1.548c0.854,0,1.547,0.694,1.547,1.548C8.551,7.881,7.858,8.574,7.004,8.574z M18.339,18.338h-2.669 v-4.177c0-0.996-0.017-2.278-1.387-2.278c-1.389,0-1.601,1.086-1.601,2.206v4.249h-2.667v-8.59h2.559v1.174h0.037 c0.356-0.675,1.227-1.387,2.526-1.387c2.703,0,3.203,1.779,3.203,4.092V18.338z\"><\/path><\/svg><span class=\"wp-block-social-link-label screen-reader-text\">LinkedIn<\/span><\/a><\/li>\n\n<li style=\"color:var(--base-3);\" class=\"wp-social-link wp-social-link-mastodon has-base-3-color wp-block-social-link\"><a href=\"https:\/\/digitalcourage.social\/@xdaniel\" class=\"wp-block-social-link-anchor\" data-wpel-link=\"internal\"><svg width=\"24\" height=\"24\" viewBox=\"0 0 24 24\" version=\"1.1\" xmlns=\"http:\/\/www.w3.org\/2000\/svg\" aria-hidden=\"true\" focusable=\"false\"><path d=\"M23.193 7.879c0-5.206-3.411-6.732-3.411-6.732C18.062.357 15.108.025 12.041 0h-.076c-3.068.025-6.02.357-7.74 1.147 0 0-3.411 1.526-3.411 6.732 0 1.192-.023 2.618.015 4.129.124 5.092.934 10.109 5.641 11.355 2.17.574 4.034.695 5.535.612 2.722-.15 4.25-.972 4.25-.972l-.09-1.975s-1.945.613-4.129.539c-2.165-.074-4.449-.233-4.799-2.891a5.499 5.499 0 0 1-.048-.745s2.125.52 4.817.643c1.646.075 3.19-.097 4.758-.283 3.007-.359 5.625-2.212 5.954-3.905.517-2.665.475-6.507.475-6.507zm-4.024 6.709h-2.497V8.469c0-1.29-.543-1.944-1.628-1.944-1.2 0-1.802.776-1.802 2.312v3.349h-2.483v-3.35c0-1.536-.602-2.312-1.802-2.312-1.085 0-1.628.655-1.628 1.944v6.119H4.832V8.284c0-1.289.328-2.313.987-3.07.68-.758 1.569-1.146 2.674-1.146 1.278 0 2.246.491 2.886 1.474L12 6.585l.622-1.043c.64-.983 1.608-1.474 2.886-1.474 1.104 0 1.994.388 2.674 1.146.658.757.986 1.781.986 3.07v6.304z\"\/><\/svg><span class=\"wp-block-social-link-label screen-reader-text\">Mastodon<\/span><\/a><\/li>\n\n<li style=\"color:var(--base-3);\" class=\"wp-social-link wp-social-link-telegram has-base-3-color wp-block-social-link\"><a href=\"https:\/\/t.me\/xdaniel\" class=\"wp-block-social-link-anchor\" data-wpel-link=\"internal\"><svg width=\"24\" height=\"24\" viewBox=\"0 0 128 128\" version=\"1.1\" xmlns=\"http:\/\/www.w3.org\/2000\/svg\" aria-hidden=\"true\" focusable=\"false\"><path d=\"M28.9700376,63.3244248 C47.6273373,55.1957357 60.0684594,49.8368063 66.2934036,47.2476366 C84.0668845,39.855031 87.7600616,38.5708563 90.1672227,38.528 C90.6966555,38.5191258 91.8804274,38.6503351 92.6472251,39.2725385 C93.294694,39.7979149 93.4728387,40.5076237 93.5580865,41.0057381 C93.6433345,41.5038525 93.7494885,42.63857 93.6651041,43.5252052 C92.7019529,53.6451182 88.5344133,78.2034783 86.4142057,89.5379542 C85.5170662,94.3339958 83.750571,95.9420841 82.0403991,96.0994568 C78.3237996,96.4414641 75.5015827,93.6432685 71.9018743,91.2836143 C66.2690414,87.5912212 63.0868492,85.2926952 57.6192095,81.6896017 C51.3004058,77.5256038 55.3966232,75.2369981 58.9976911,71.4967761 C59.9401076,70.5179421 76.3155302,55.6232293 76.6324771,54.2720454 C76.6721165,54.1030573 76.7089039,53.4731496 76.3346867,53.1405352 C75.9604695,52.8079208 75.4081573,52.921662 75.0095933,53.0121213 C74.444641,53.1403447 65.4461175,59.0880351 48.0140228,70.8551922 C45.4598218,72.6091037 43.1463059,73.4636682 41.0734751,73.4188859 C38.7883453,73.3695169 34.3926725,72.1268388 31.1249416,71.0646282 C27.1169366,69.7617838 23.931454,69.0729605 24.208838,66.8603276 C24.3533167,65.7078514 25.9403832,64.5292172 28.9700376,63.3244248 Z\" \/><\/svg><span class=\"wp-block-social-link-label screen-reader-text\">Telegram<\/span><\/a><\/li><\/ul>\n<\/div>\n\n\n\n<div class=\"wp-block-uagb-container uagb-block-d7f129a0\">\n<p><strong>Vielen Dank f\u00fcr Ihr Interesse an meiner Person<\/strong><\/p>\n\n\n\n<p>Ich bin Daniel Hoffmann<br>Sozialarbeiter, Webworker und Medienp\u00e4dagoge<\/p>\n\n\n\n<p>geb. 1970<br>Familienstand: verheiratet, 3 Kinder<\/p>\n\n\n\n<p>E-Mail: <a href=\"mailto:info@kulturmanagement-online.de\">info@kulturmanagement-online.de<\/a><br>Tel.: 0175\/4895042<br>telegram: <a href=\"https:\/\/t.me\/xdaniel\" data-wpel-link=\"internal\">xdaniel<\/a><br>Mastodon: <a href=\"https:\/\/digitalcourage.social\/@xdaniel\" data-wpel-link=\"internal\">digitalcourage.social\/@xdaniel<\/a><\/p>\n\n\n\n<p>berufl. Status: Angestellter, nebenberuflich Selbst\u00e4ndig<br>Im Web aktiv seit 1997<\/p>\n<\/div>\n<\/div>\n\n\n\n<hr class=\"wp-block-separator has-text-color has-base-color has-alpha-channel-opacity has-base-background-color has-background\"\/>\n\n\n\n<div class=\"wp-block-uagb-container uagb-block-b6e0545b alignwide uagb-is-root-container\">\n<p>Hallo, ich bin <em>Daniel Hoffmann<\/em>. Mein besonderes Interesse liegt in der Gestaltung unserer Gesellschaft und insbesondere sozialer Anliegen. Welche Rolle spielen dabei Medien und neue Technologien? Wie k\u00f6nnen sie sinnvoll eingesetzt werden? Neben meinen Technik-bezogenen T\u00e4tigkeiten war in den letzten Jahren mein Schwerpunkt die F\u00f6rderung b\u00fcrgerschaftlichen\/freiwilligen Engagements und die Erprobung neuer Engagementfelder im virtuellen Raum (Online-Volunteering).<\/p>\n\n\n\n<p>Meine Spezialgebiete sind <strong>Erwachsenenbildung, \u00d6ffentlichkeitsarbeit, , Kampagnenorganisation, Online-Redaktion, Websiteentwicklung mit und Administration von WordPress <\/strong>und die<strong> Gestaltung und Administration von Lernumgebungen mit Moodle<\/strong>.<\/p>\n\n\n\n<p>Ich habe in zahlreichen Zusammenh\u00e4ngen viele verschiedene Projekte bearbeitet und geleitet.<\/p>\n\n\n\n<p>Auftraggeber waren u.a. das Land Nordrhein-Westfalen, die Robert Bosch Stiftung, die Bertelsmann-Stiftung und zahlreiche Kommunen und Verb\u00e4nde der freien Wohlfahrtspflege.<\/p>\n<\/div>\n\n\n\n<h2 class=\"wp-block-heading\" id=\"portfolio\">Portfolio<\/h2>\n\n\n\n<div class=\"wp-block-uagb-container rot-oben uagb-block-3bdaee31 alignwide uagb-is-root-container\">\n<div class=\"wp-block-uagb-slider uagb-block-5068514f uagb-slider-container\"><div class=\"uagb-slides uagb-swiper\"><div class=\"swiper-wrapper\">\n<div class=\"wp-block-uagb-slider-child uagb-slider-child-wrap swiper-slide uagb-block-92779f08\"><div class=\"swiper-content\">\n<div class=\"wp-block-uagb-container uagb-block-5f0d9830\">\n<div class=\"wp-block-uagb-info-box uagb-block-3ac1f4f7 uagb-infobox__content-wrap  uagb-infobox-icon-left-title uagb-infobox-left uagb-infobox-image-valign-top\"><div class=\"uagb-ifb-content\"><div class=\"uagb-ifb-left-title-image\"><div class=\"uagb-ifb-image-content\"><img data-recalc-dims=\"1\" decoding=\"async\" src=\"https:\/\/i0.wp.com\/kulturmanagement-online.de\/daniel\/files\/2017\/05\/Screenshot-km-online.jpg?resize=200%2C200&#038;ssl=1\" width=\"200\" height=\"200\" loading=\"lazy\"\/><\/div><div class=\"uagb-ifb-title-wrap\"><span class=\"uagb-ifb-title-prefix\">kulturmanagement-online.de<\/span><h3 class=\"uagb-ifb-title\">Webdesign, Online-Redaktion, Administration<\/h3><\/div><\/div><p class=\"uagb-ifb-desc\">Mediengerechtes Design und Redaktion f\u00fcr zeitgem\u00e4\u00dfe Publikationsformen. Ich bin in WordPress, Moodle, Socialmedia und anderen Webanwendungen zu Hause. Kreativ und praxisnah.<br>Neben Geschwindigkeit, Benutzbarkeit (auf allen Endger\u00e4ten)&nbsp; und Stabilit\u00e4t spielt Systemsicherheit immer eine wichtige Rolle.<\/p><\/div><\/div>\n<\/div>\n<\/div><\/div>\n\n\n\n<div class=\"wp-block-uagb-slider-child uagb-slider-child-wrap swiper-slide uagb-block-bac19d7d\"><div class=\"swiper-content\">\n<div class=\"wp-block-uagb-container uagb-block-7e78a3a0\">\n<div class=\"wp-block-uagb-info-box uagb-block-4f111363 uagb-infobox__content-wrap  uagb-infobox-icon-left-title uagb-infobox-left uagb-infobox-image-valign-top\"><div class=\"uagb-ifb-content\"><div class=\"uagb-ifb-left-title-image\"><div class=\"uagb-ifb-image-content\"><img data-recalc-dims=\"1\" decoding=\"async\" src=\"https:\/\/i0.wp.com\/kulturmanagement-online.de\/daniel\/files\/2017\/05\/2017-05-31-21_04_18-NRW_Ausgabe_98.pdf-Adobe-Acrobat-Pro.png?resize=200%2C200&#038;ssl=1\" width=\"200\" height=\"200\" loading=\"lazy\"\/><\/div><div class=\"uagb-ifb-title-wrap\"><span class=\"uagb-ifb-title-prefix\">Nun Reden Wir, Ausgabe 98, 2017<\/span><h3 class=\"uagb-ifb-title\">Ver\u00f6ffentlichungen<\/h3><\/div><\/div><p class=\"uagb-ifb-desc\">Fachbeitr\u00e4ge und Printpublikationen spielen immer noch eine gro\u00dfe Rolle. Manchmal reicht es aber auch den Menschen das Gef\u00fchl zu geben, als h\u00e4tten sie Papier auf dem Bildschirm. Die richtige Ansprache entscheidet \u00fcber den Erfolg bei der Zielgruppe.<br><em>(Hier am Beispiel eines Fachbeitrags)<\/em><\/p><\/div><\/div>\n<\/div>\n<\/div><\/div>\n\n\n\n<div class=\"wp-block-uagb-slider-child uagb-slider-child-wrap swiper-slide uagb-block-5586214f\"><div class=\"swiper-content\">\n<div class=\"wp-block-uagb-container uagb-block-fd2fb164\">\n<div class=\"wp-block-uagb-info-box uagb-block-34535c93 uagb-infobox__content-wrap  uagb-infobox-icon-left-title uagb-infobox-left uagb-infobox-image-valign-top\"><div class=\"uagb-ifb-content\"><div class=\"uagb-ifb-left-title-image\"><div class=\"uagb-ifb-image-content\"><img data-recalc-dims=\"1\" decoding=\"async\" src=\"https:\/\/i0.wp.com\/kulturmanagement-online.de\/daniel\/files\/2017\/05\/NWT-Essen-2016-17-1024x683.jpg?resize=200%2C200&#038;ssl=1\" width=\"200\" height=\"200\" loading=\"lazy\"\/><\/div><div class=\"uagb-ifb-title-wrap\"><span class=\"uagb-ifb-title-prefix\">Netzwerk DigiBE, Forum Seniorenarbeit<\/span><h3 class=\"uagb-ifb-title\">Zukunftsthemen identifizieren<\/h3><\/div><\/div><p class=\"uagb-ifb-desc\">Technik h\u00e4lt Einzug in verschiedenste Lebensbereiche, die auch das soziale Miteinander ver\u00e4ndern.<\/p><\/div><\/div>\n<\/div>\n<\/div><\/div>\n\n\n\n<div class=\"wp-block-uagb-slider-child uagb-slider-child-wrap swiper-slide uagb-block-82a7956e\"><div class=\"swiper-content\">\n<div class=\"wp-block-uagb-container uagb-block-d918d8df\">\n<div class=\"wp-block-uagb-info-box uagb-block-e5be8796 uagb-infobox__content-wrap  uagb-infobox-icon-left-title uagb-infobox-left uagb-infobox-image-valign-top\"><div class=\"uagb-ifb-content\"><div class=\"uagb-ifb-left-title-image\"><div class=\"uagb-ifb-image-content\"><img data-recalc-dims=\"1\" decoding=\"async\" src=\"https:\/\/i0.wp.com\/kulturmanagement-online.de\/daniel\/files\/2017\/05\/Schwerte-2016-Tag-1-und-2-27.JPG.png?resize=200%2C200&#038;ssl=1\" width=\"200\" height=\"200\" loading=\"lazy\"\/><\/div><div class=\"uagb-ifb-title-wrap\"><span class=\"uagb-ifb-title-prefix\">Vor Ort und Digital<\/span><h3 class=\"uagb-ifb-title\">Workshops und Seminare<\/h3><\/div><\/div><p class=\"uagb-ifb-desc\">Konzeption und Durchf\u00fchrung zahlreicher Workshops zu techniknahen und sozialen Themen, z.B. Aufbau von Quartiersportalen, Gewinnung von freiwillig Engagierten, Grundlagen der Seniorenarbeit, Quartiersmanagement, \u2026<\/p><\/div><\/div>\n<\/div>\n<\/div><\/div>\n\n\n\n<div class=\"wp-block-uagb-slider-child uagb-slider-child-wrap swiper-slide uagb-block-8399addb\"><div class=\"swiper-content\">\n<div class=\"wp-block-uagb-container uagb-block-5c4507e4\">\n<div class=\"wp-block-uagb-info-box uagb-block-a7a8fbd5 uagb-infobox__content-wrap  uagb-infobox-icon-left-title uagb-infobox-left uagb-infobox-image-valign-top\"><div class=\"uagb-ifb-content\"><div class=\"uagb-ifb-left-title-image\"><div class=\"uagb-ifb-image-content\"><img data-recalc-dims=\"1\" decoding=\"async\" src=\"https:\/\/i0.wp.com\/kulturmanagement-online.de\/daniel\/files\/2017\/05\/Fachtag-Baden-W%C3%BCrtemmberg-01-2017.jpg?resize=200%2C200&#038;ssl=1\" alt=\"\" width=\"200\" height=\"200\" loading=\"lazy\"\/><\/div><div class=\"uagb-ifb-title-wrap\"><span class=\"uagb-ifb-title-prefix\">Online und in Pr\u00e4senz<\/span><h3 class=\"uagb-ifb-title\">Referate und Vortr\u00e4ge<\/h3><\/div><\/div><p class=\"uagb-ifb-desc\">Sensibilisierung der Fach\u00f6ffentlichkeit, Projekt-Transfer und Netzwerken: Regelm\u00e4\u00dfige Pr\u00e4sentationen auf Fachtagungen und Veranstaltungen in ganz Deutschland.<\/p><\/div><\/div>\n<\/div>\n<\/div><\/div>\n\n\n\n<div class=\"wp-block-uagb-slider-child uagb-slider-child-wrap swiper-slide uagb-block-1e733970\"><div class=\"swiper-content\">\n<div class=\"wp-block-uagb-container uagb-block-a51e0246\">\n<div class=\"wp-block-uagb-info-box uagb-block-4e498d29 uagb-infobox__content-wrap  uagb-infobox-icon-left-title uagb-infobox-left uagb-infobox-image-valign-top\"><div class=\"uagb-ifb-content\"><div class=\"uagb-ifb-left-title-image\"><div class=\"uagb-ifb-image-content\"><img data-recalc-dims=\"1\" decoding=\"async\" src=\"https:\/\/i0.wp.com\/kulturmanagement-online.de\/daniel\/files\/2017\/05\/Netzwerktag-Dortmund-2017-48-1024x683.jpg?resize=200%2C200&#038;ssl=1\" width=\"200\" height=\"200\" loading=\"lazy\"\/><\/div><div class=\"uagb-ifb-title-wrap\"><span class=\"uagb-ifb-title-prefix\">\u00dcber einen l\u00e4ngeren Zeitraum<\/span><h3 class=\"uagb-ifb-title\">Moderation und Begleitung von Netzwerken<\/h3><\/div><\/div><p class=\"uagb-ifb-desc\">Regelm\u00e4\u00dfige Netzwerken verbinden die Teilnehmenden und sorgen f\u00fcr Stabilit\u00e4t innerhalb der Gruppe. Die Themen orientieren sich an den Interessen der Netzwerker\/innen.<\/p><\/div><\/div>\n<\/div>\n<\/div><\/div>\n<\/div><\/div><div class=\"swiper-pagination\"><\/div><div class=\"swiper-button-prev\"><\/div><div class=\"swiper-button-next\"><\/div><\/div>\n<\/div>\n\n\n\n<h2 class=\"wp-block-heading\">Besondere Kompetenzen<\/h2>\n\n\n\n<div class=\"wp-block-uagb-container rot-oben uagb-block-0a80f1da alignwide uagb-is-root-container\">\t\t<div class='wp-block-b-chart-chart  align' id='bChart-1af7d0e0-8' data-attributes='{&quot;cId&quot;:&quot;1af7d0e0-8&quot;,&quot;data&quot;:{&quot;labels&quot;:[&quot;Kommunikation&quot;,&quot;Erwachsenenbildung&quot;,&quot;Wordpress&quot;,&quot;WP Multisite&quot;,&quot;Moodle&quot;,&quot;Barrierefreiheit&quot;,&quot;Office&quot;],&quot;datasets&quot;:[{&quot;label&quot;:&quot;Selbsteinsch\\u00e4tzung&quot;,&quot;data&quot;:[&quot;90&quot;,&quot;90&quot;,&quot;90&quot;,&quot;80&quot;,&quot;75&quot;,&quot;80&quot;,&quot;90&quot;],&quot;backgroundColor&quot;:[&quot;#ff638433&quot;,&quot;#36a28733&quot;,&quot;#ffce5633&quot;,&quot;#4bc0c033&quot;,&quot;#9966ff33&quot;,&quot;#ff9f4033&quot;,&quot;#4527a433&quot;],&quot;borderColor&quot;:[&quot;#ff6384&quot;,&quot;#36a287&quot;,&quot;#ffce56&quot;,&quot;#4bc0c0&quot;,&quot;#9966ff&quot;,&quot;#ff9f40&quot;,&quot;#4527a4&quot;],&quot;tension&quot;:0.4,&quot;borderWidth&quot;:2,&quot;hoverBorderWidth&quot;:2,&quot;pointRadius&quot;:3,&quot;pointHoverRadius&quot;:4,&quot;pointStyle&quot;:&quot;triangle&quot;}]},&quot;type&quot;:&quot;bar&quot;,&quot;height&quot;:&quot;400px&quot;,&quot;background&quot;:{&quot;color&quot;:&quot;#0000&quot;,&quot;type&quot;:&quot;solid&quot;,&quot;gradient&quot;:&quot;linear-gradient(135deg, #4527a4, #8344c5)&quot;,&quot;image&quot;:[],&quot;position&quot;:&quot;center center&quot;,&quot;attachment&quot;:&quot;initial&quot;,&quot;repeat&quot;:&quot;no-repeat&quot;,&quot;size&quot;:&quot;cover&quot;,&quot;overlayColor&quot;:&quot;#000000b3&quot;,&quot;styles&quot;:&quot;background: #0000;&quot;},&quot;isTitle&quot;:false,&quot;title&quot;:&quot;Kompetenzen&quot;,&quot;align&quot;:&quot;&quot;,&quot;width&quot;:&quot;80%&quot;,&quot;textColor&quot;:&quot;#666&quot;,&quot;isXScale&quot;:true,&quot;isXGridLine&quot;:true,&quot;isYScale&quot;:true,&quot;isYGridLine&quot;:true,&quot;gridLineColor&quot;:&quot;#0000001a&quot;,&quot;alignment&quot;:&quot;center&quot;,&quot;titleFontSize&quot;:22,&quot;titleColor&quot;:&quot;#4527a4&quot;,&quot;isSubtitle&quot;:false,&quot;subtitle&quot;:&quot;Chart Subtitle&quot;,&quot;subtitleFontSize&quot;:13,&quot;subtitleColor&quot;:&quot;#8344c5&quot;,&quot;isDownload&quot;:false}'><\/div>\r\n\r\n\t\t<\/div>\n\n\n\n<p class=\"has-text-align-center\">Niemand ist perfekt! Ich bin aber lernbereit \u2026 Und Sie?<\/p>\n\n\n\n<h2 class=\"wp-block-heading\" id=\"lebenslauf\">Berufliche Stationen<\/h2>\n\n\n\n<p>Herausragende und pr\u00e4gende Stationen meiner beruflichen Entwicklung<\/p>\n\n\n\n<div class=\"wp-block-uagb-content-timeline uagb-timeline__outer-wrap uagb-block-1f7035e7-c0f6-4dd5-b2a7-cc51a1905ea9 uagb-timeline__content-wrap uagb-timeline__center-block  uagb-timeline__arrow-center uagb-timeline\">\n<article class=\"wp-block-uagb-content-timeline-child uagb-timeline__field uagb-timeline-child-52f627af-6dc1-451c-b62c-c34b044f41de uagb-timeline__right\"><div class=\"uagb-timeline__marker out-view-uagb-timeline__icon\"><svg xmlns=\"https:\/\/www.w3.org\/2000\/svg\" viewBox=\"0 0 448 512\"><path d=\"M160 32V64H288V32C288 14.33 302.3 0 320 0C337.7 0 352 14.33 352 32V64H400C426.5 64 448 85.49 448 112V160H0V112C0 85.49 21.49 64 48 64H96V32C96 14.33 110.3 0 128 0C145.7 0 160 14.33 160 32zM0 192H448V464C448 490.5 426.5 512 400 512H48C21.49 512 0 490.5 0 464V192zM64 304C64 312.8 71.16 320 80 320H112C120.8 320 128 312.8 128 304V272C128 263.2 120.8 256 112 256H80C71.16 256 64 263.2 64 272V304zM192 304C192 312.8 199.2 320 208 320H240C248.8 320 256 312.8 256 304V272C256 263.2 248.8 256 240 256H208C199.2 256 192 263.2 192 272V304zM336 256C327.2 256 320 263.2 320 272V304C320 312.8 327.2 320 336 320H368C376.8 320 384 312.8 384 304V272C384 263.2 376.8 256 368 256H336zM64 432C64 440.8 71.16 448 80 448H112C120.8 448 128 440.8 128 432V400C128 391.2 120.8 384 112 384H80C71.16 384 64 391.2 64 400V432zM208 384C199.2 384 192 391.2 192 400V432C192 440.8 199.2 448 208 448H240C248.8 448 256 440.8 256 432V400C256 391.2 248.8 384 240 384H208zM320 432C320 440.8 327.2 448 336 448H368C376.8 448 384 440.8 384 432V400C384 391.2 376.8 384 368 384H336C327.2 384 320 391.2 320 400V432z\"><\/path><\/svg><\/div><div class=\"uagb-timeline__day-new uagb-timeline__day-right uagb-timeline__events-inner-new\"><div class=\"uagb-timeline__events-inner--content\"><div class=\"uagb-timeline__date-hide uagb-timeline__inner-date-new\">2023 bis heute<\/div><h4 class=\"uagb-timeline__heading\">Fachreferent im DigitalPakt Alter<\/h4><p class=\"uagb-timeline-desc-content\">der BAGSO und des BMFSFJ<br>Verantwortlich f\u00fcr den Aufbau des Partner-Netzwerks<br><a href=\"https:\/\/digitalpakt-alter.de\" data-wpel-link=\"external\" target=\"_self\" rel=\"external noopener noreferrer\" title=\"Externer Link zu: \" class=\"wpel-icon-right\">digitalpakt-alter.de<i class=\"wpel-icon fa fa-external-link-square\" aria-hidden=\"true\"><\/i><\/a><\/p><div class=\"uagb-timeline__arrow\"><\/div><\/div><\/div><div class=\"uagb-timeline__date-new\">2023 bis heute<\/div><\/article>\n\n\n\n<article class=\"wp-block-uagb-content-timeline-child uagb-timeline__field uagb-timeline-child-fdb81244-2bb5-436b-99f4-f6af9261fc15 uagb-timeline__left\"><div class=\"uagb-timeline__marker out-view-uagb-timeline__icon\"><svg xmlns=\"https:\/\/www.w3.org\/2000\/svg\" viewBox=\"0 0 448 512\"><path d=\"M160 32V64H288V32C288 14.33 302.3 0 320 0C337.7 0 352 14.33 352 32V64H400C426.5 64 448 85.49 448 112V160H0V112C0 85.49 21.49 64 48 64H96V32C96 14.33 110.3 0 128 0C145.7 0 160 14.33 160 32zM0 192H448V464C448 490.5 426.5 512 400 512H48C21.49 512 0 490.5 0 464V192zM64 304C64 312.8 71.16 320 80 320H112C120.8 320 128 312.8 128 304V272C128 263.2 120.8 256 112 256H80C71.16 256 64 263.2 64 272V304zM192 304C192 312.8 199.2 320 208 320H240C248.8 320 256 312.8 256 304V272C256 263.2 248.8 256 240 256H208C199.2 256 192 263.2 192 272V304zM336 256C327.2 256 320 263.2 320 272V304C320 312.8 327.2 320 336 320H368C376.8 320 384 312.8 384 304V272C384 263.2 376.8 256 368 256H336zM64 432C64 440.8 71.16 448 80 448H112C120.8 448 128 440.8 128 432V400C128 391.2 120.8 384 112 384H80C71.16 384 64 391.2 64 400V432zM208 384C199.2 384 192 391.2 192 400V432C192 440.8 199.2 448 208 448H240C248.8 448 256 440.8 256 432V400C256 391.2 248.8 384 240 384H208zM320 432C320 440.8 327.2 448 336 448H368C376.8 448 384 440.8 384 432V400C384 391.2 376.8 384 368 384H336C327.2 384 320 391.2 320 400V432z\"><\/path><\/svg><\/div><div class=\"uagb-timeline__day-new uagb-timeline__day-left uagb-timeline__events-inner-new\"><div class=\"uagb-timeline__events-inner--content\"><div class=\"uagb-timeline__date-hide uagb-timeline__inner-date-new\">2018-2023<\/div><h4 class=\"uagb-timeline__heading\">Projektleitung &#8222;Digitale Ideen f\u00fcr Sozialraum und Nachbarschaft&#8220;<\/h4><p class=\"uagb-timeline-desc-content\">Information und Qualifizierung in der Seniorenarbeit, Mitarbeit in verschiedenen Fachkommissionen und Beir\u00e4ten, Projektentwicklung und Beratung.<br><a href=\"https:\/\/forum-seniorenarbeit.de\" data-wpel-link=\"external\" target=\"_self\" rel=\"external noopener noreferrer\" title=\"Externer Link zu: \" class=\"wpel-icon-right\">forum-seniorenarbeit.de<i class=\"wpel-icon fa fa-external-link-square\" aria-hidden=\"true\"><\/i><\/a><\/p><div class=\"uagb-timeline__arrow\"><\/div><\/div><\/div><div class=\"uagb-timeline__date-new\">2018-2023<\/div><\/article>\n\n\n\n<article class=\"wp-block-uagb-content-timeline-child uagb-timeline__field uagb-timeline-child-7c98e2cb-08cb-46fa-b88d-52c9cf6f0fa1 uagb-timeline__right\"><div class=\"uagb-timeline__marker out-view-uagb-timeline__icon\"><svg xmlns=\"https:\/\/www.w3.org\/2000\/svg\" viewBox=\"0 0 448 512\"><path d=\"M160 32V64H288V32C288 14.33 302.3 0 320 0C337.7 0 352 14.33 352 32V64H400C426.5 64 448 85.49 448 112V160H0V112C0 85.49 21.49 64 48 64H96V32C96 14.33 110.3 0 128 0C145.7 0 160 14.33 160 32zM0 192H448V464C448 490.5 426.5 512 400 512H48C21.49 512 0 490.5 0 464V192zM64 304C64 312.8 71.16 320 80 320H112C120.8 320 128 312.8 128 304V272C128 263.2 120.8 256 112 256H80C71.16 256 64 263.2 64 272V304zM192 304C192 312.8 199.2 320 208 320H240C248.8 320 256 312.8 256 304V272C256 263.2 248.8 256 240 256H208C199.2 256 192 263.2 192 272V304zM336 256C327.2 256 320 263.2 320 272V304C320 312.8 327.2 320 336 320H368C376.8 320 384 312.8 384 304V272C384 263.2 376.8 256 368 256H336zM64 432C64 440.8 71.16 448 80 448H112C120.8 448 128 440.8 128 432V400C128 391.2 120.8 384 112 384H80C71.16 384 64 391.2 64 400V432zM208 384C199.2 384 192 391.2 192 400V432C192 440.8 199.2 448 208 448H240C248.8 448 256 440.8 256 432V400C256 391.2 248.8 384 240 384H208zM320 432C320 440.8 327.2 448 336 448H368C376.8 448 384 440.8 384 432V400C384 391.2 376.8 384 368 384H336C327.2 384 320 391.2 320 400V432z\"><\/path><\/svg><\/div><div class=\"uagb-timeline__day-new uagb-timeline__day-right uagb-timeline__events-inner-new\"><div class=\"uagb-timeline__events-inner--content\"><div class=\"uagb-timeline__date-hide uagb-timeline__inner-date-new\">2012-2023<\/div><h4 class=\"uagb-timeline__heading\">Konzept, Administration, Entwicklung, Training, Netzwerkmanagement<\/h4><p class=\"uagb-timeline-desc-content\">Aufbau einer WordPress-Multisite und Fortbildungs- und netzwerkkonzepte zur Erprobung neuer, praxisnaher Engagementfelder f\u00fcr \u00e4ltere Ehrenamtliche und Quartiersmanger\/innen.<br><a href=\"https:\/\/unser-quartier.de\" data-wpel-link=\"external\" target=\"_self\" rel=\"external noopener noreferrer\" title=\"Externer Link zu: \" class=\"wpel-icon-right\">unser-quartier.de<i class=\"wpel-icon fa fa-external-link-square\" aria-hidden=\"true\"><\/i><\/a><\/p><div class=\"uagb-timeline__arrow\"><\/div><\/div><\/div><div class=\"uagb-timeline__date-new\">2012-2023<\/div><\/article>\n\n\n\n<article class=\"wp-block-uagb-content-timeline-child uagb-timeline__field uagb-timeline-child-494c3ac0-458f-428c-87c1-b51b63f801cf uagb-timeline__left\"><div class=\"uagb-timeline__marker out-view-uagb-timeline__icon\"><svg xmlns=\"https:\/\/www.w3.org\/2000\/svg\" viewBox=\"0 0 448 512\"><path d=\"M160 32V64H288V32C288 14.33 302.3 0 320 0C337.7 0 352 14.33 352 32V64H400C426.5 64 448 85.49 448 112V160H0V112C0 85.49 21.49 64 48 64H96V32C96 14.33 110.3 0 128 0C145.7 0 160 14.33 160 32zM0 192H448V464C448 490.5 426.5 512 400 512H48C21.49 512 0 490.5 0 464V192zM64 304C64 312.8 71.16 320 80 320H112C120.8 320 128 312.8 128 304V272C128 263.2 120.8 256 112 256H80C71.16 256 64 263.2 64 272V304zM192 304C192 312.8 199.2 320 208 320H240C248.8 320 256 312.8 256 304V272C256 263.2 248.8 256 240 256H208C199.2 256 192 263.2 192 272V304zM336 256C327.2 256 320 263.2 320 272V304C320 312.8 327.2 320 336 320H368C376.8 320 384 312.8 384 304V272C384 263.2 376.8 256 368 256H336zM64 432C64 440.8 71.16 448 80 448H112C120.8 448 128 440.8 128 432V400C128 391.2 120.8 384 112 384H80C71.16 384 64 391.2 64 400V432zM208 384C199.2 384 192 391.2 192 400V432C192 440.8 199.2 448 208 448H240C248.8 448 256 440.8 256 432V400C256 391.2 248.8 384 240 384H208zM320 432C320 440.8 327.2 448 336 448H368C376.8 448 384 440.8 384 432V400C384 391.2 376.8 384 368 384H336C327.2 384 320 391.2 320 400V432z\"><\/path><\/svg><\/div><div class=\"uagb-timeline__day-new uagb-timeline__day-left uagb-timeline__events-inner-new\"><div class=\"uagb-timeline__events-inner--content\"><div class=\"uagb-timeline__date-hide uagb-timeline__inner-date-new\">seit 2010<\/div><h4 class=\"uagb-timeline__heading\">Administration, Konzept, Design, Training<\/h4><p class=\"uagb-timeline-desc-content\"><div class=\"wrapper\"><div class=\"content\"><div class=\"container\"><section id=\"experience\" class=\"section section-experience\"><div class=\"animate-up animated\"><div class=\"timeline\"><div class=\"timeline-inner clearfix\"><div class=\"timeline-box timeline-box-left\"><div class=\"timeline-box-inner animate-right animated\">Hosting und Webentwicklung f\u00fcr kleine Initiativen und Privatpersonen (Plesk\/Onyx) und WordPress-Multisite. <\/div><\/div><\/div><\/div><\/div><\/section><\/div><\/div><\/div><a href=\"https:\/\/kulturmanagement-online\" data-wpel-link=\"external\" target=\"_self\" rel=\"external noopener noreferrer\" title=\"Externer Link zu: \" class=\"wpel-icon-right\">kulturmanagement-online<i class=\"wpel-icon fa fa-external-link-square\" aria-hidden=\"true\"><\/i><\/a><a class=\"img wpel-icon-right\" href=\"https:\/\/kulturmanagement-online.de\/\" data-wpel-link=\"external\" target=\"_self\" rel=\"external noopener noreferrer\" title=\"Externer Link zu: \"><i class=\"wpel-icon fa fa-external-link-square\" aria-hidden=\"true\"><\/i><\/a><\/p><div class=\"uagb-timeline__arrow\"><\/div><\/div><\/div><div class=\"uagb-timeline__date-new\">seit 2010<\/div><\/article>\n\n\n\n<article class=\"wp-block-uagb-content-timeline-child uagb-timeline__field uagb-timeline-child-92376973-0a8e-4ecb-ba77-7b2161ed4fbb uagb-timeline__right\"><div class=\"uagb-timeline__marker out-view-uagb-timeline__icon\"><svg xmlns=\"https:\/\/www.w3.org\/2000\/svg\" viewBox=\"0 0 448 512\"><path d=\"M160 32V64H288V32C288 14.33 302.3 0 320 0C337.7 0 352 14.33 352 32V64H400C426.5 64 448 85.49 448 112V160H0V112C0 85.49 21.49 64 48 64H96V32C96 14.33 110.3 0 128 0C145.7 0 160 14.33 160 32zM0 192H448V464C448 490.5 426.5 512 400 512H48C21.49 512 0 490.5 0 464V192zM64 304C64 312.8 71.16 320 80 320H112C120.8 320 128 312.8 128 304V272C128 263.2 120.8 256 112 256H80C71.16 256 64 263.2 64 272V304zM192 304C192 312.8 199.2 320 208 320H240C248.8 320 256 312.8 256 304V272C256 263.2 248.8 256 240 256H208C199.2 256 192 263.2 192 272V304zM336 256C327.2 256 320 263.2 320 272V304C320 312.8 327.2 320 336 320H368C376.8 320 384 312.8 384 304V272C384 263.2 376.8 256 368 256H336zM64 432C64 440.8 71.16 448 80 448H112C120.8 448 128 440.8 128 432V400C128 391.2 120.8 384 112 384H80C71.16 384 64 391.2 64 400V432zM208 384C199.2 384 192 391.2 192 400V432C192 440.8 199.2 448 208 448H240C248.8 448 256 440.8 256 432V400C256 391.2 248.8 384 240 384H208zM320 432C320 440.8 327.2 448 336 448H368C376.8 448 384 440.8 384 432V400C384 391.2 376.8 384 368 384H336C327.2 384 320 391.2 320 400V432z\"><\/path><\/svg><\/div><div class=\"uagb-timeline__day-new uagb-timeline__day-right uagb-timeline__events-inner-new\"><div class=\"uagb-timeline__events-inner--content\"><div class=\"uagb-timeline__date-hide uagb-timeline__inner-date-new\">2005-2023<\/div><h4 class=\"uagb-timeline__heading\">Konzept, Administration, Training, Community-Management<\/h4><p class=\"uagb-timeline-desc-content\">Aufbau einer Blended-Learning Umgebung auf Basis von Moodle f\u00fcr haupt- und ehrenamtliche MItarbeiter\/innen in der Seniorenarbeit<br><a href=\"https:\/\/forum-lernen.de\" data-wpel-link=\"external\" target=\"_self\" rel=\"external noopener noreferrer\" title=\"Externer Link zu: \" class=\"wpel-icon-right\">forum-lernen.de<i class=\"wpel-icon fa fa-external-link-square\" aria-hidden=\"true\"><\/i><\/a><\/p><div class=\"uagb-timeline__arrow\"><\/div><\/div><\/div><div class=\"uagb-timeline__date-new\">2005-2023<\/div><\/article>\n\n\n\n<article class=\"wp-block-uagb-content-timeline-child uagb-timeline__field uagb-timeline-child-35f9ac17-c8d3-4dbe-b035-13308b2bff39 uagb-timeline__left\"><div class=\"uagb-timeline__marker out-view-uagb-timeline__icon\"><svg xmlns=\"https:\/\/www.w3.org\/2000\/svg\" viewBox=\"0 0 448 512\"><path d=\"M160 32V64H288V32C288 14.33 302.3 0 320 0C337.7 0 352 14.33 352 32V64H400C426.5 64 448 85.49 448 112V160H0V112C0 85.49 21.49 64 48 64H96V32C96 14.33 110.3 0 128 0C145.7 0 160 14.33 160 32zM0 192H448V464C448 490.5 426.5 512 400 512H48C21.49 512 0 490.5 0 464V192zM64 304C64 312.8 71.16 320 80 320H112C120.8 320 128 312.8 128 304V272C128 263.2 120.8 256 112 256H80C71.16 256 64 263.2 64 272V304zM192 304C192 312.8 199.2 320 208 320H240C248.8 320 256 312.8 256 304V272C256 263.2 248.8 256 240 256H208C199.2 256 192 263.2 192 272V304zM336 256C327.2 256 320 263.2 320 272V304C320 312.8 327.2 320 336 320H368C376.8 320 384 312.8 384 304V272C384 263.2 376.8 256 368 256H336zM64 432C64 440.8 71.16 448 80 448H112C120.8 448 128 440.8 128 432V400C128 391.2 120.8 384 112 384H80C71.16 384 64 391.2 64 400V432zM208 384C199.2 384 192 391.2 192 400V432C192 440.8 199.2 448 208 448H240C248.8 448 256 440.8 256 432V400C256 391.2 248.8 384 240 384H208zM320 432C320 440.8 327.2 448 336 448H368C376.8 448 384 440.8 384 432V400C384 391.2 376.8 384 368 384H336C327.2 384 320 391.2 320 400V432z\"><\/path><\/svg><\/div><div class=\"uagb-timeline__day-new uagb-timeline__day-left uagb-timeline__events-inner-new\"><div class=\"uagb-timeline__events-inner--content\"><div class=\"uagb-timeline__date-hide uagb-timeline__inner-date-new\">seit 2004<\/div><h4 class=\"uagb-timeline__heading\">Portalaufbau, Online-Redaktion und Socialmedia<\/h4><p class=\"uagb-timeline-desc-content\">Forum Seniorenarbeit NRW<br>Aufbau und Etablierung eines Informationssystems f\u00fcr die gemeinwesenorientierte Seniorenarbeit auf Basis von WordPress.<br><a href=\"https:\/\/forum-seniorenarbeit.de\" data-wpel-link=\"external\" target=\"_self\" rel=\"external noopener noreferrer\" title=\"Externer Link zu: \" class=\"wpel-icon-right\">forum-seniorenarbeit.de<i class=\"wpel-icon fa fa-external-link-square\" aria-hidden=\"true\"><\/i><\/a><\/p><div class=\"uagb-timeline__arrow\"><\/div><\/div><\/div><div class=\"uagb-timeline__date-new\">seit 2004<\/div><\/article>\n<div class=\"uagb-timeline__line\"><div class=\"uagb-timeline__line__inner\"><\/div><\/div><\/div>\n\n\n\n<h2 class=\"wp-block-heading\">Berufl. Werdegang<\/h2>\n\n\n\n<div class=\"wp-block-uagb-container rot-oben uagb-block-6f5bde87 alignwide uagb-is-root-container\">\n<ul class=\"wp-block-list\">\n<li>seit 2023 <strong>Fachreferent <\/strong>bei der Bundesarbeitsgemeinschaft der Seniorenorganisationen (BAGSO)<\/li>\n\n\n\n<li>seit 2006, <strong>Gesellschafter<\/strong><br>socialnet GmbH Bonnn<\/li>\n\n\n\n<li>2005-2013, Betrieb des Portals social-software.de<\/li>\n\n\n\n<li>seit 2001, <strong>nebenberufliche Selbst\u00e4ndigkeit<\/strong>, npo-web \/ kulturmanagement-online.de<\/li>\n\n\n\n<li>seit 2000, <strong>Leitung verschiedener Projekte<\/strong> im KDA<br>Senioren Online, Forum Seniorenarbeit, Netzwerk Engagement \u00e4lterer in der digitalen Gesellschaft, u.v.m.<\/li>\n\n\n\n<li>seit 1996, <strong>Referent<\/strong> \/ wissenschaftlicher Mitarbeiter<br>Kuratorium Deutsche Altershilfe<\/li>\n\n\n\n<li>1995-1996, <strong>Anerkennungsjahr<\/strong>, Kuratorium Deutsche Altershilfe, Abteilung Sozialwirtschaft, K\u00f6ln<\/li>\n\n\n\n<li>1995, <strong>Diplomarbeit<\/strong> zum Thema &#8222;Gesellschaftliche Aspekte beim Computerspiel Erwachsener&#8220;, gek\u00fcrzt ver\u00f6ffentlicht im Juventa-Verlag 1995<\/li>\n\n\n\n<li>1992-1995, <strong>Studium der Sozialarbeit<\/strong>, Fachhochschule K\u00f6ln<\/li>\n\n\n\n<li>1991-1992, 12-monatige <strong>Verwaltungst\u00e4tigkeit<\/strong>, Bundesamt f\u00fcr den Zivildienst, K\u00f6ln<\/li>\n\n\n\n<li>1989-1991, 24 Monate <strong>Zivildienst<\/strong>, Karl-Schr\u00f6der Haus Langenfeld (Alten- und Pflegeheim, Tagespflege)<\/li>\n\n\n\n<li>1989, <strong>Abitur<\/strong>, Landrat Lukas Gymnasium Leverkusen<\/li>\n<\/ul>\n<\/div>\n\n\n\n<h2 class=\"wp-block-heading\" id=\"experience\">Referenzen<\/h2>\n\n\n\n<h2 class=\"wp-block-heading\" id=\"clients\">Kunden<\/h2>\n\n\n\n<h2 class=\"wp-block-heading\" id=\"text_esction\">Engagement<\/h2>\n\n\n\n<div class=\"wp-block-uagb-container rot-oben uagb-block-ef4c312d alignwide uagb-is-root-container\">\n<div class=\"section-box\">\n<p>Ich bin in meinem lokalen Umfeld freiwillig engagiert.<\/p>\n<p>Aus pers\u00f6nlichem Interesse an Musik war ich 2007 bis 2019 Herausgeber, Tech-Admin und Mitautor des <a href=\"https:\/\/celtic-rock.de\/\" data-wpel-link=\"external\" target=\"_self\" rel=\"external noopener noreferrer\" title=\"Externer Link zu: \" class=\"wpel-icon-right\">Fanzines und der Internet-Radiostation celtic-rock.de<i class=\"wpel-icon fa fa-external-link-square\" aria-hidden=\"true\"><\/i><\/a><\/p>\n<p>Selbstverst\u00e4ndlich engagiere ich mich punktuell auch f\u00fcr die Schulen meiner Kinder.<\/p>\n<\/div>\n<\/div>\n\n\n\n<h2 class=\"wp-block-heading\" id=\"contact\">Kontakt<\/h2>\n\n\n\n<div class=\"wp-block-uagb-container rot-oben uagb-block-6a720d57 alignwide uagb-is-root-container\">\n<div class=\"wp-block-uagb-container uagb-block-924495c7\">\n<p>Um mit mir in Kontakt zu treten, bevorzuge ich das Helpdesk. Die anderen Wege sind rechts benannt.<\/p>\n<\/div>\n\n\n\n<div class=\"wp-block-uagb-container uagb-block-fe59de21\">\n<p><a href=\"https:\/\/helpdesk.kulturmanagement-online.de\" data-wpel-link=\"external\" target=\"_self\" rel=\"external noopener noreferrer\" title=\"Externer Link zu: \" class=\"wpel-icon-right\">Helpdesk<i class=\"wpel-icon fa fa-external-link-square\" aria-hidden=\"true\"><\/i><\/a> <br><a href=\"https:\/\/t.me\/xdaniel\" data-wpel-link=\"internal\">Telegram<\/a> <br><a href=\"mailto:info@kulturmanagement-online.de\">E-Mail<\/a><\/p>\n<\/div>\n<\/div>\n","protected":false},"excerpt":{"rendered":"<p>Vielen Dank f\u00fcr Ihr Interesse an meiner Person Ich bin Daniel HoffmannSozialarbeiter, Webworker und Medienp\u00e4dagoge geb. 1970Familienstand: verheiratet, 3 Kinder E-Mail: info@kulturmanagement-online.deTel.: 0175\/4895042telegram: xdanielMastodon: digitalcourage.social\/@xdaniel berufl. Status: Angestellter, nebenberuflich Selbst\u00e4ndigIm &#8230; <\/p>\n<p class=\"read-more-container\"><a title=\"Home\" class=\"read-more button\" href=\"https:\/\/kulturmanagement-online.de\/daniel\/#more-173\" aria-label=\"Mehr Informationen \u00fcber Home\" data-wpel-link=\"internal\">Read more<\/a><\/p>\n","protected":false},"author":2,"featured_media":0,"parent":0,"menu_order":1,"comment_status":"closed","ping_status":"closed","template":"","meta":{"inline_featured_image":false,"_uag_custom_page_level_css":"","jetpack_post_was_ever_published":false,"footnotes":""},"class_list":["post-173","page","type-page","status-publish"],"uagb_featured_image_src":{"full":false,"thumbnail":false,"medium":false,"medium_large":false,"large":false,"1536x1536":false,"2048x2048":false},"uagb_author_info":{"display_name":"D.","author_link":"https:\/\/kulturmanagement-online.de\/daniel\/author\/daniel\/"},"uagb_comment_info":0,"uagb_excerpt":"Vielen Dank f\u00fcr Ihr Interesse an meiner Person Ich bin Daniel HoffmannSozialarbeiter, Webworker und Medienp\u00e4dagoge geb. 1970Familienstand: verheiratet, 3 Kinder E-Mail: info@kulturmanagement-online.deTel.: 0175\/4895042telegram: xdanielMastodon: digitalcourage.social\/@xdaniel berufl. Status: Angestellter, nebenberuflich Selbst\u00e4ndigIm ... Read more","jetpack_shortlink":"https:\/\/wp.me\/P8KGV1-2N","jetpack-related-posts":[],"jetpack_sharing_enabled":true,"_links":{"self":[{"href":"https:\/\/kulturmanagement-online.de\/daniel\/wp-json\/wp\/v2\/pages\/173","targetHints":{"allow":["GET"]}}],"collection":[{"href":"https:\/\/kulturmanagement-online.de\/daniel\/wp-json\/wp\/v2\/pages"}],"about":[{"href":"https:\/\/kulturmanagement-online.de\/daniel\/wp-json\/wp\/v2\/types\/page"}],"author":[{"embeddable":true,"href":"https:\/\/kulturmanagement-online.de\/daniel\/wp-json\/wp\/v2\/users\/2"}],"replies":[{"embeddable":true,"href":"https:\/\/kulturmanagement-online.de\/daniel\/wp-json\/wp\/v2\/comments?post=173"}],"version-history":[{"count":0,"href":"https:\/\/kulturmanagement-online.de\/daniel\/wp-json\/wp\/v2\/pages\/173\/revisions"}],"wp:attachment":[{"href":"https:\/\/kulturmanagement-online.de\/daniel\/wp-json\/wp\/v2\/media?parent=173"}],"curies":[{"name":"wp","href":"https:\/\/api.w.org\/{rel}","templated":true}]}}