{"id":484,"date":"2023-09-15T14:03:19","date_gmt":"2023-09-15T12:03:19","guid":{"rendered":"https:\/\/kulturmanagement-online.de\/daniel\/?page_id=484"},"modified":"2023-09-15T15:52:31","modified_gmt":"2023-09-15T13:52:31","slug":"digitalpakt-alter-auf-youtube","status":"publish","type":"page","link":"https:\/\/kulturmanagement-online.de\/daniel\/digitalpakt-alter-auf-youtube\/","title":{"rendered":"DigitalPakt Alter auf Youtube"},"content":{"rendered":"<div class=\"epyt-gallery\" data-currpage=\"1\" id=\"epyt_gallery_10458\"><figure class=\"wp-block-embed wp-block-embed-youtube is-type-video is-provider-youtube epyt-figure\"><div class=\"wp-block-embed__wrapper\"><div class=\"epyt-video-wrapper\"><div  id=\"_ytid_21562\"  width=\"1200\" height=\"675\"  data-origwidth=\"1200\" data-origheight=\"675\"  data-relstop=\"1\" data-facadesrc=\"https:\/\/www.youtube.com\/embed\/fvypekPPSnY?enablejsapi=1&#038;autoplay=0&#038;cc_load_policy=0&#038;cc_lang_pref=&#038;iv_load_policy=1&#038;loop=0&#038;rel=0&#038;fs=1&#038;playsinline=0&#038;autohide=2&#038;theme=dark&#038;color=red&#038;controls=1&#038;disablekb=0&#038;\" class=\"__youtube_prefs__ epyt-facade no-lazyload\" data-epytgalleryid=\"epyt_gallery_10458\"  data-epautoplay=\"1\" ><img data-recalc-dims=\"1\" decoding=\"async\" data-spai-excluded=\"true\" class=\"epyt-facade-poster skip-lazy\" loading=\"lazy\"  alt=\"YouTube player\"  src=\"https:\/\/i0.wp.com\/i.ytimg.com\/vi\/fvypekPPSnY\/maxresdefault.jpg?w=1200&#038;ssl=1\"  \/><button class=\"epyt-facade-play\" aria-label=\"Play\"><svg data-no-lazy=\"1\" height=\"100%\" version=\"1.1\" viewBox=\"0 0 68 48\" width=\"100%\"><path class=\"ytp-large-play-button-bg\" d=\"M66.52,7.74c-0.78-2.93-2.49-5.41-5.42-6.19C55.79,.13,34,0,34,0S12.21,.13,6.9,1.55 C3.97,2.33,2.27,4.81,1.48,7.74C0.06,13.05,0,24,0,24s0.06,10.95,1.48,16.26c0.78,2.93,2.49,5.41,5.42,6.19 C12.21,47.87,34,48,34,48s21.79-0.13,27.1-1.55c2.93-0.78,4.64-3.26,5.42-6.19C67.94,34.95,68,24,68,24S67.94,13.05,66.52,7.74z\" fill=\"#f00\"><\/path><path d=\"M 45,24 27,14 27,34\" fill=\"#fff\"><\/path><\/svg><\/button><\/div><\/div><\/div><\/figure><div class=\"epyt-gallery-list\"><div class=\"epyt-pagination \"><div tabindex=\"0\" role=\"button\" class=\"epyt-pagebutton epyt-prev  hide \" data-playlistid=\"UUwksgGguIuuVdUBr_uI8IyQ\" data-pagesize=\"15\" data-pagetoken=\"\" data-epcolumns=\"3\" data-showtitle=\"1\" data-showpaging=\"1\" data-autonext=\"0\" data-thumbplay=\"1\"><div class=\"epyt-arrow\">&laquo;<\/div> <div>Prev<\/div><\/div><div class=\"epyt-pagenumbers \"><div class=\"epyt-current\">1<\/div><div class=\"epyt-pageseparator\"> \/ <\/div><div class=\"epyt-totalpages\">3<\/div><\/div><div tabindex=\"0\" role=\"button\" class=\"epyt-pagebutton epyt-next\" data-playlistid=\"UUwksgGguIuuVdUBr_uI8IyQ\" data-pagesize=\"15\" data-pagetoken=\"EAAaHlBUOkNBOGlFRVV4TXpZeE9EaENNakpDTXpBNE1qTQ\" data-epcolumns=\"3\" data-showtitle=\"1\" data-showpaging=\"1\" data-autonext=\"0\" data-thumbplay=\"1\"><div>Next<\/div> <div class=\"epyt-arrow\">&raquo;<\/div><\/div><div class=\"epyt-loader\"><img data-recalc-dims=\"1\" loading=\"lazy\" decoding=\"async\" alt=\"loading\" width=\"16\" height=\"11\" src=\"https:\/\/i0.wp.com\/kulturmanagement-online.de\/daniel\/wp-content\/plugins\/youtube-embed-plus\/images\/gallery-page-loader.gif?resize=16%2C11&#038;ssl=1\"><\/div><\/div><div class=\"epyt-gallery-allthumbs  epyt-cols-3 \"><div tabindex=\"0\" role=\"button\" data-videoid=\"fvypekPPSnY\" class=\"epyt-gallery-thumb\"><div class=\"epyt-gallery-img-box\"><div class=\"epyt-gallery-img\" style=\"background-image: url(https:\/\/i.ytimg.com\/vi\/fvypekPPSnY\/hqdefault.jpg)\"><div class=\"epyt-gallery-playhover\"><img data-recalc-dims=\"1\" loading=\"lazy\" decoding=\"async\" alt=\"play\" class=\"epyt-play-img\" width=\"30\" height=\"23\" src=\"https:\/\/i0.wp.com\/kulturmanagement-online.de\/daniel\/wp-content\/plugins\/youtube-embed-plus\/images\/playhover.png?resize=30%2C23&#038;ssl=1\" data-no-lazy=\"1\" data-skipgform_ajax_framebjll=\"\" \/><div class=\"epyt-gallery-playcrutch\"><\/div><\/div><\/div><\/div><div class=\"epyt-gallery-title\">Deutschlands engagierteste Kommunen f\u00fcr digitale Teilhabe (Bundeswettbewerb Kommunal.Digital.Genial)<\/div><\/div><div tabindex=\"0\" role=\"button\" data-videoid=\"h12MKZPohgw\" class=\"epyt-gallery-thumb\"><div class=\"epyt-gallery-img-box\"><div class=\"epyt-gallery-img\" style=\"background-image: url(https:\/\/i.ytimg.com\/vi\/h12MKZPohgw\/hqdefault.jpg)\"><div class=\"epyt-gallery-playhover\"><img data-recalc-dims=\"1\" loading=\"lazy\" decoding=\"async\" alt=\"play\" class=\"epyt-play-img\" width=\"30\" height=\"23\" src=\"https:\/\/i0.wp.com\/kulturmanagement-online.de\/daniel\/wp-content\/plugins\/youtube-embed-plus\/images\/playhover.png?resize=30%2C23&#038;ssl=1\" data-no-lazy=\"1\" data-skipgform_ajax_framebjll=\"\" \/><div class=\"epyt-gallery-playcrutch\"><\/div><\/div><\/div><\/div><div class=\"epyt-gallery-title\">Die SIM-Studie 2024: Perspektiven auf die Mediennutzung im Alter<\/div><\/div><div tabindex=\"0\" role=\"button\" data-videoid=\"iEmFLZKH1KY\" class=\"epyt-gallery-thumb\"><div class=\"epyt-gallery-img-box\"><div class=\"epyt-gallery-img\" style=\"background-image: url(https:\/\/i.ytimg.com\/vi\/iEmFLZKH1KY\/hqdefault.jpg)\"><div class=\"epyt-gallery-playhover\"><img data-recalc-dims=\"1\" loading=\"lazy\" decoding=\"async\" alt=\"play\" class=\"epyt-play-img\" width=\"30\" height=\"23\" src=\"https:\/\/i0.wp.com\/kulturmanagement-online.de\/daniel\/wp-content\/plugins\/youtube-embed-plus\/images\/playhover.png?resize=30%2C23&#038;ssl=1\" data-no-lazy=\"1\" data-skipgform_ajax_framebjll=\"\" \/><div class=\"epyt-gallery-playcrutch\"><\/div><\/div><\/div><\/div><div class=\"epyt-gallery-title\">Wir suchen Deutschlands engagierteste Kommunen!<\/div><\/div><div class=\"epyt-gallery-rowbreak\"><\/div><div tabindex=\"0\" role=\"button\" data-videoid=\"PkbEa_-DlQo\" class=\"epyt-gallery-thumb\"><div class=\"epyt-gallery-img-box\"><div class=\"epyt-gallery-img\" style=\"background-image: url(https:\/\/i.ytimg.com\/vi\/PkbEa_-DlQo\/hqdefault.jpg)\"><div class=\"epyt-gallery-playhover\"><img data-recalc-dims=\"1\" loading=\"lazy\" decoding=\"async\" alt=\"play\" class=\"epyt-play-img\" width=\"30\" height=\"23\" src=\"https:\/\/i0.wp.com\/kulturmanagement-online.de\/daniel\/wp-content\/plugins\/youtube-embed-plus\/images\/playhover.png?resize=30%2C23&#038;ssl=1\" data-no-lazy=\"1\" data-skipgform_ajax_framebjll=\"\" \/><div class=\"epyt-gallery-playcrutch\"><\/div><\/div><\/div><\/div><div class=\"epyt-gallery-title\">Gesundheit auf E-Rezept? Digitale Entwicklungen verstehen und Kompetenzen st\u00e4rken<\/div><\/div><div tabindex=\"0\" role=\"button\" data-videoid=\"sGQpUlTSv5s\" class=\"epyt-gallery-thumb\"><div class=\"epyt-gallery-img-box\"><div class=\"epyt-gallery-img\" style=\"background-image: url(https:\/\/i.ytimg.com\/vi\/sGQpUlTSv5s\/hqdefault.jpg)\"><div class=\"epyt-gallery-playhover\"><img data-recalc-dims=\"1\" loading=\"lazy\" decoding=\"async\" alt=\"play\" class=\"epyt-play-img\" width=\"30\" height=\"23\" src=\"https:\/\/i0.wp.com\/kulturmanagement-online.de\/daniel\/wp-content\/plugins\/youtube-embed-plus\/images\/playhover.png?resize=30%2C23&#038;ssl=1\" data-no-lazy=\"1\" data-skipgform_ajax_framebjll=\"\" \/><div class=\"epyt-gallery-playcrutch\"><\/div><\/div><\/div><\/div><div class=\"epyt-gallery-title\">Im Alter zu Hause. Zu Hause digital: Chancen f\u00fcr das Wohnen im Alter<\/div><\/div><div tabindex=\"0\" role=\"button\" data-videoid=\"BVf9nDYCxbw\" class=\"epyt-gallery-thumb\"><div class=\"epyt-gallery-img-box\"><div class=\"epyt-gallery-img\" style=\"background-image: url(https:\/\/i.ytimg.com\/vi\/BVf9nDYCxbw\/hqdefault.jpg)\"><div class=\"epyt-gallery-playhover\"><img data-recalc-dims=\"1\" loading=\"lazy\" decoding=\"async\" alt=\"play\" class=\"epyt-play-img\" width=\"30\" height=\"23\" src=\"https:\/\/i0.wp.com\/kulturmanagement-online.de\/daniel\/wp-content\/plugins\/youtube-embed-plus\/images\/playhover.png?resize=30%2C23&#038;ssl=1\" data-no-lazy=\"1\" data-skipgform_ajax_framebjll=\"\" \/><div class=\"epyt-gallery-playcrutch\"><\/div><\/div><\/div><\/div><div class=\"epyt-gallery-title\">Der DigitalPakt Alter wird fortgef\u00fchrt<\/div><\/div><div class=\"epyt-gallery-rowbreak\"><\/div><div tabindex=\"0\" role=\"button\" data-videoid=\"typg6LoXYSY\" class=\"epyt-gallery-thumb\"><div class=\"epyt-gallery-img-box\"><div class=\"epyt-gallery-img\" style=\"background-image: url(https:\/\/i.ytimg.com\/vi\/typg6LoXYSY\/hqdefault.jpg)\"><div class=\"epyt-gallery-playhover\"><img data-recalc-dims=\"1\" loading=\"lazy\" decoding=\"async\" alt=\"play\" class=\"epyt-play-img\" width=\"30\" height=\"23\" src=\"https:\/\/i0.wp.com\/kulturmanagement-online.de\/daniel\/wp-content\/plugins\/youtube-embed-plus\/images\/playhover.png?resize=30%2C23&#038;ssl=1\" data-no-lazy=\"1\" data-skipgform_ajax_framebjll=\"\" \/><div class=\"epyt-gallery-playcrutch\"><\/div><\/div><\/div><\/div><div class=\"epyt-gallery-title\">Miteinander &#8211; Verbinden \u2013 Vernetzen: Soziale Integration im digitalen Zeitalter<\/div><\/div><div tabindex=\"0\" role=\"button\" data-videoid=\"kTUar4y-HcQ\" class=\"epyt-gallery-thumb\"><div class=\"epyt-gallery-img-box\"><div class=\"epyt-gallery-img\" style=\"background-image: url(https:\/\/i.ytimg.com\/vi\/kTUar4y-HcQ\/hqdefault.jpg)\"><div class=\"epyt-gallery-playhover\"><img data-recalc-dims=\"1\" loading=\"lazy\" decoding=\"async\" alt=\"play\" class=\"epyt-play-img\" width=\"30\" height=\"23\" src=\"https:\/\/i0.wp.com\/kulturmanagement-online.de\/daniel\/wp-content\/plugins\/youtube-embed-plus\/images\/playhover.png?resize=30%2C23&#038;ssl=1\" data-no-lazy=\"1\" data-skipgform_ajax_framebjll=\"\" \/><div class=\"epyt-gallery-playcrutch\"><\/div><\/div><\/div><\/div><div class=\"epyt-gallery-title\">DigitalPakt Alter im Dialog mit Birgit Kahle<\/div><\/div><div tabindex=\"0\" role=\"button\" data-videoid=\"7TGtzom-5Zk\" class=\"epyt-gallery-thumb\"><div class=\"epyt-gallery-img-box\"><div class=\"epyt-gallery-img\" style=\"background-image: url(https:\/\/i.ytimg.com\/vi\/7TGtzom-5Zk\/hqdefault.jpg)\"><div class=\"epyt-gallery-playhover\"><img data-recalc-dims=\"1\" loading=\"lazy\" decoding=\"async\" alt=\"play\" class=\"epyt-play-img\" width=\"30\" height=\"23\" src=\"https:\/\/i0.wp.com\/kulturmanagement-online.de\/daniel\/wp-content\/plugins\/youtube-embed-plus\/images\/playhover.png?resize=30%2C23&#038;ssl=1\" data-no-lazy=\"1\" data-skipgform_ajax_framebjll=\"\" \/><div class=\"epyt-gallery-playcrutch\"><\/div><\/div><\/div><\/div><div class=\"epyt-gallery-title\">DigitalPakt Alter im Dialog mit der Deutschen Telekom<\/div><\/div><div class=\"epyt-gallery-rowbreak\"><\/div><div tabindex=\"0\" role=\"button\" data-videoid=\"jLkALd9EEvA\" class=\"epyt-gallery-thumb\"><div class=\"epyt-gallery-img-box\"><div class=\"epyt-gallery-img\" style=\"background-image: url(https:\/\/i.ytimg.com\/vi\/jLkALd9EEvA\/hqdefault.jpg)\"><div class=\"epyt-gallery-playhover\"><img data-recalc-dims=\"1\" loading=\"lazy\" decoding=\"async\" alt=\"play\" class=\"epyt-play-img\" width=\"30\" height=\"23\" src=\"https:\/\/i0.wp.com\/kulturmanagement-online.de\/daniel\/wp-content\/plugins\/youtube-embed-plus\/images\/playhover.png?resize=30%2C23&#038;ssl=1\" data-no-lazy=\"1\" data-skipgform_ajax_framebjll=\"\" \/><div class=\"epyt-gallery-playcrutch\"><\/div><\/div><\/div><\/div><div class=\"epyt-gallery-title\">DigitalPakt Alter im Dialog mit Niklas Veltkamp<\/div><\/div><div tabindex=\"0\" role=\"button\" data-videoid=\"Z3_H477EShM\" class=\"epyt-gallery-thumb\"><div class=\"epyt-gallery-img-box\"><div class=\"epyt-gallery-img\" style=\"background-image: url(https:\/\/i.ytimg.com\/vi\/Z3_H477EShM\/hqdefault.jpg)\"><div class=\"epyt-gallery-playhover\"><img data-recalc-dims=\"1\" loading=\"lazy\" decoding=\"async\" alt=\"play\" class=\"epyt-play-img\" width=\"30\" height=\"23\" src=\"https:\/\/i0.wp.com\/kulturmanagement-online.de\/daniel\/wp-content\/plugins\/youtube-embed-plus\/images\/playhover.png?resize=30%2C23&#038;ssl=1\" data-no-lazy=\"1\" data-skipgform_ajax_framebjll=\"\" \/><div class=\"epyt-gallery-playcrutch\"><\/div><\/div><\/div><\/div><div class=\"epyt-gallery-title\">DigitalPakt Alter im Dialog mit Manfred B. Kayser<\/div><\/div><div tabindex=\"0\" role=\"button\" data-videoid=\"wZ1d1SdDhNw\" class=\"epyt-gallery-thumb\"><div class=\"epyt-gallery-img-box\"><div class=\"epyt-gallery-img\" style=\"background-image: url(https:\/\/i.ytimg.com\/vi\/wZ1d1SdDhNw\/hqdefault.jpg)\"><div class=\"epyt-gallery-playhover\"><img data-recalc-dims=\"1\" loading=\"lazy\" decoding=\"async\" alt=\"play\" class=\"epyt-play-img\" width=\"30\" height=\"23\" src=\"https:\/\/i0.wp.com\/kulturmanagement-online.de\/daniel\/wp-content\/plugins\/youtube-embed-plus\/images\/playhover.png?resize=30%2C23&#038;ssl=1\" data-no-lazy=\"1\" data-skipgform_ajax_framebjll=\"\" \/><div class=\"epyt-gallery-playcrutch\"><\/div><\/div><\/div><\/div><div class=\"epyt-gallery-title\">DigitalPakt Alter im Dialog mit Prof. Dr. Hans-Werner Wahl<\/div><\/div><div class=\"epyt-gallery-rowbreak\"><\/div><div tabindex=\"0\" role=\"button\" data-videoid=\"FPB7UcnTfAk\" class=\"epyt-gallery-thumb\"><div class=\"epyt-gallery-img-box\"><div class=\"epyt-gallery-img\" style=\"background-image: url(https:\/\/i.ytimg.com\/vi\/FPB7UcnTfAk\/hqdefault.jpg)\"><div class=\"epyt-gallery-playhover\"><img data-recalc-dims=\"1\" loading=\"lazy\" decoding=\"async\" alt=\"play\" class=\"epyt-play-img\" width=\"30\" height=\"23\" src=\"https:\/\/i0.wp.com\/kulturmanagement-online.de\/daniel\/wp-content\/plugins\/youtube-embed-plus\/images\/playhover.png?resize=30%2C23&#038;ssl=1\" data-no-lazy=\"1\" data-skipgform_ajax_framebjll=\"\" \/><div class=\"epyt-gallery-playcrutch\"><\/div><\/div><\/div><\/div><div class=\"epyt-gallery-title\">Kurzfilm zur Arbeit in den Erfahrungsorten des Digitalpakt Alter<\/div><\/div><div tabindex=\"0\" role=\"button\" data-videoid=\"AQxjQZmuLWc\" class=\"epyt-gallery-thumb\"><div class=\"epyt-gallery-img-box\"><div class=\"epyt-gallery-img\" style=\"background-image: url(https:\/\/i.ytimg.com\/vi\/AQxjQZmuLWc\/hqdefault.jpg)\"><div class=\"epyt-gallery-playhover\"><img data-recalc-dims=\"1\" loading=\"lazy\" decoding=\"async\" alt=\"play\" class=\"epyt-play-img\" width=\"30\" height=\"23\" src=\"https:\/\/i0.wp.com\/kulturmanagement-online.de\/daniel\/wp-content\/plugins\/youtube-embed-plus\/images\/playhover.png?resize=30%2C23&#038;ssl=1\" data-no-lazy=\"1\" data-skipgform_ajax_framebjll=\"\" \/><div class=\"epyt-gallery-playcrutch\"><\/div><\/div><\/div><\/div><div class=\"epyt-gallery-title\">DigitalPakt Alter im Dialog mit Dagmar Hirche von Wege aus der Einsamkeit e.V.<\/div><\/div><div tabindex=\"0\" role=\"button\" data-videoid=\"6Tv14cJnLgw\" class=\"epyt-gallery-thumb\"><div class=\"epyt-gallery-img-box\"><div class=\"epyt-gallery-img\" style=\"background-image: url(https:\/\/i.ytimg.com\/vi\/6Tv14cJnLgw\/hqdefault.jpg)\"><div class=\"epyt-gallery-playhover\"><img data-recalc-dims=\"1\" loading=\"lazy\" decoding=\"async\" alt=\"play\" class=\"epyt-play-img\" width=\"30\" height=\"23\" src=\"https:\/\/i0.wp.com\/kulturmanagement-online.de\/daniel\/wp-content\/plugins\/youtube-embed-plus\/images\/playhover.png?resize=30%2C23&#038;ssl=1\" data-no-lazy=\"1\" data-skipgform_ajax_framebjll=\"\" \/><div class=\"epyt-gallery-playcrutch\"><\/div><\/div><\/div><\/div><div class=\"epyt-gallery-title\">DigitalPakt Alter im Dialog mit enna<\/div><\/div><div class=\"epyt-gallery-rowbreak\"><\/div><div class=\"epyt-gallery-clear\"><\/div><\/div><div class=\"epyt-pagination \"><div tabindex=\"0\" role=\"button\" class=\"epyt-pagebutton epyt-prev  hide \" data-playlistid=\"UUwksgGguIuuVdUBr_uI8IyQ\" data-pagesize=\"15\" data-pagetoken=\"\" data-epcolumns=\"3\" data-showtitle=\"1\" data-showpaging=\"1\" data-autonext=\"0\" data-thumbplay=\"1\"><div class=\"epyt-arrow\">&laquo;<\/div> <div>Prev<\/div><\/div><div class=\"epyt-pagenumbers \"><div class=\"epyt-current\">1<\/div><div class=\"epyt-pageseparator\"> \/ <\/div><div class=\"epyt-totalpages\">3<\/div><\/div><div tabindex=\"0\" role=\"button\" class=\"epyt-pagebutton epyt-next\" data-playlistid=\"UUwksgGguIuuVdUBr_uI8IyQ\" data-pagesize=\"15\" data-pagetoken=\"EAAaHlBUOkNBOGlFRVV4TXpZeE9EaENNakpDTXpBNE1qTQ\" data-epcolumns=\"3\" data-showtitle=\"1\" data-showpaging=\"1\" data-autonext=\"0\" data-thumbplay=\"1\"><div>Next<\/div> <div class=\"epyt-arrow\">&raquo;<\/div><\/div><div class=\"epyt-loader\"><img data-recalc-dims=\"1\" loading=\"lazy\" decoding=\"async\" alt=\"loading\" width=\"16\" height=\"11\" src=\"https:\/\/i0.wp.com\/kulturmanagement-online.de\/daniel\/wp-content\/plugins\/youtube-embed-plus\/images\/gallery-page-loader.gif?resize=16%2C11&#038;ssl=1\"><\/div><\/div><\/div><\/div>\n\n\n<p>Mehr vom DigitalPakt Alter: <a href=\"https:\/\/kulturmanagement-online.de\/daniel\/digitalpakt-alter-auf-facebook\/\" data-type=\"page\" data-id=\"471\" data-wpel-link=\"internal\">Facebook<\/a> | <a href=\"https:\/\/kulturmanagement-online.de\/daniel\/digitalpakt-alter-auf-instagram\/\" data-type=\"page\" data-id=\"473\" data-wpel-link=\"internal\">Instagram<\/a> | <a href=\"https:\/\/kulturmanagement-online.de\/daniel\/digitalpakt-alter-auf-youtube\/\" data-type=\"page\" data-id=\"484\" data-wpel-link=\"internal\">Youtube <\/a>| <a href=\"https:\/\/kulturmanagement-online.de\/daniel\/digitalpakt-alter-blog\/\" data-type=\"page\" data-id=\"486\" data-wpel-link=\"internal\">Blog<\/a> | <a href=\"https:\/\/kulturmanagement-online.de\/daniel\/mastodon\/\" data-type=\"page\" data-id=\"502\" data-wpel-link=\"internal\">Mastodon<\/a><br><sub>Aufgrund unterschiedlicher Caching-Intervalle kann es bis zu 24 Stunden dauern, bis Aktualisierungen hier ankommen.<\/sub><\/p>\n","protected":false},"excerpt":{"rendered":"","protected":false},"author":2,"featured_media":0,"parent":0,"menu_order":7,"comment_status":"closed","ping_status":"closed","template":"","meta":{"inline_featured_image":false,"_uag_custom_page_level_css":"","jetpack_post_was_ever_published":false,"footnotes":""},"class_list":["post-484","page","type-page","status-publish"],"uagb_featured_image_src":{"full":false,"thumbnail":false,"medium":false,"medium_large":false,"large":false,"1536x1536":false,"2048x2048":false},"uagb_author_info":{"display_name":"D.","author_link":"https:\/\/kulturmanagement-online.de\/daniel\/author\/daniel\/"},"uagb_comment_info":0,"uagb_excerpt":null,"jetpack_shortlink":"https:\/\/wp.me\/P8KGV1-7O","jetpack-related-posts":[{"id":473,"url":"https:\/\/kulturmanagement-online.de\/daniel\/digitalpakt-alter-auf-instagram\/","url_meta":{"origin":484,"position":0},"title":"DigitalPakt Alter auf Instagram","author":"D.","date":"14. August 2023","format":false,"excerpt":"[instagram-feed feed=1]","rel":"","context":"\u00c4hnlicher Beitrag","block_context":{"text":"\u00c4hnlicher Beitrag","link":""},"img":{"alt_text":"","src":"","width":0,"height":0},"classes":[]},{"id":471,"url":"https:\/\/kulturmanagement-online.de\/daniel\/digitalpakt-alter-auf-facebook\/","url_meta":{"origin":484,"position":1},"title":"DigitalPakt Alter auf Facebook","author":"D.","date":"14. August 2023","format":false,"excerpt":"[custom-facebook-feed feed=1]","rel":"","context":"\u00c4hnlicher Beitrag","block_context":{"text":"\u00c4hnlicher Beitrag","link":""},"img":{"alt_text":"","src":"","width":0,"height":0},"classes":[]},{"id":486,"url":"https:\/\/kulturmanagement-online.de\/daniel\/digitalpakt-alter-blog\/","url_meta":{"origin":484,"position":2},"title":"DigitalPakt Alter Blog","author":"D.","date":"15. September 2023","format":false,"excerpt":"","rel":"","context":"\u00c4hnlicher Beitrag","block_context":{"text":"\u00c4hnlicher Beitrag","link":""},"img":{"alt_text":"","src":"","width":0,"height":0},"classes":[]},{"id":502,"url":"https:\/\/kulturmanagement-online.de\/daniel\/mastodon\/","url_meta":{"origin":484,"position":3},"title":"Mastodon","author":"D.","date":"11. November 2023","format":false,"excerpt":"","rel":"","context":"\u00c4hnlicher Beitrag","block_context":{"text":"\u00c4hnlicher Beitrag","link":""},"img":{"alt_text":"","src":"","width":0,"height":0},"classes":[]},{"id":173,"url":"https:\/\/kulturmanagement-online.de\/daniel\/","url_meta":{"origin":484,"position":4},"title":"Home","author":"D.","date":"19. Mai 2017","format":false,"excerpt":"Vielen Dank f\u00fcr Ihr Interesse an meiner Person Ich bin Daniel HoffmannSozialarbeiter, Webworker und Medienp\u00e4dagoge geb. 1970Familienstand: verheiratet, 3 Kinder E-Mail: info@kulturmanagement-online.deTel.: 0175\/4895042telegram: xdanielMastodon: digitalcourage.social\/@xdaniel berufl. Status: Angestellter, nebenberuflich Selbst\u00e4ndigIm Web aktiv seit 1997 Hallo, ich bin Daniel Hoffmann. Mein besonderes Interesse liegt in der Gestaltung unserer Gesellschaft und insbesondere\u2026","rel":"","context":"\u00c4hnlicher Beitrag","block_context":{"text":"\u00c4hnlicher Beitrag","link":""},"img":{"alt_text":"Portr\u00e4t Daniel","src":"https:\/\/i0.wp.com\/kulturmanagement-online.de\/daniel\/files\/2018\/07\/2018-07-Portr%C3%A4t-Daniel-845x1024.jpg?resize=350%2C200&ssl=1","width":350,"height":200},"classes":[]},{"id":281,"url":"https:\/\/kulturmanagement-online.de\/daniel\/datenschutzerklaerung\/","url_meta":{"origin":484,"position":5},"title":"Datenschutzerkl\u00e4rung","author":"D.","date":"21. Mai 2018","format":false,"excerpt":"Wer wir sind Die Adresse unserer Website ist: https:\/\/kulturmanagement-online.de\/daniel. Welche personenbezogenen Daten wir sammeln und warum wir sie sammeln Kommentare Wenn Besucher Kommentare auf der Website schreiben, sammeln wir die Daten, die im Kommentar-Formular angezeigt werden, au\u00dferdem die IP-Adresse des Besuchers und den User-Agent-String (damit wird der Browser identifiziert), um\u2026","rel":"","context":"\u00c4hnlicher Beitrag","block_context":{"text":"\u00c4hnlicher Beitrag","link":""},"img":{"alt_text":"","src":"","width":0,"height":0},"classes":[]}],"jetpack_sharing_enabled":true,"_links":{"self":[{"href":"https:\/\/kulturmanagement-online.de\/daniel\/wp-json\/wp\/v2\/pages\/484","targetHints":{"allow":["GET"]}}],"collection":[{"href":"https:\/\/kulturmanagement-online.de\/daniel\/wp-json\/wp\/v2\/pages"}],"about":[{"href":"https:\/\/kulturmanagement-online.de\/daniel\/wp-json\/wp\/v2\/types\/page"}],"author":[{"embeddable":true,"href":"https:\/\/kulturmanagement-online.de\/daniel\/wp-json\/wp\/v2\/users\/2"}],"replies":[{"embeddable":true,"href":"https:\/\/kulturmanagement-online.de\/daniel\/wp-json\/wp\/v2\/comments?post=484"}],"version-history":[{"count":0,"href":"https:\/\/kulturmanagement-online.de\/daniel\/wp-json\/wp\/v2\/pages\/484\/revisions"}],"wp:attachment":[{"href":"https:\/\/kulturmanagement-online.de\/daniel\/wp-json\/wp\/v2\/media?parent=484"}],"curies":[{"name":"wp","href":"https:\/\/api.w.org\/{rel}","templated":true}]}}